{"id":11,"date":"2020-11-30T12:30:30","date_gmt":"2020-11-30T12:30:30","guid":{"rendered":"https:\/\/www.frederiquehome.ch\/?page_id=11"},"modified":"2026-04-07T15:55:55","modified_gmt":"2026-04-07T15:55:55","slug":"concept","status":"publish","type":"page","link":"https:\/\/www.frederiquehome.ch\/en\/concept\/","title":{"rendered":"Concept"},"content":{"rendered":"\t\t<div data-elementor-type=\"wp-page\" data-elementor-id=\"11\" class=\"elementor elementor-11\" data-elementor-post-type=\"page\">\n\t\t\t\t\t\t<section class=\"elementor-section elementor-top-section elementor-element elementor-element-f6aae90 elementor-section-boxed elementor-section-height-default elementor-section-height-default mkdf-parallax-row-no mkdf-content-aligment-left mkdf-elementor-row-grid-no mkdf-disabled-bg-image-bellow-no\" data-id=\"f6aae90\" data-element_type=\"section\" data-e-type=\"section\" data-settings=\"{&quot;background_background&quot;:&quot;classic&quot;,&quot;jet_parallax_layout_list&quot;:[{&quot;jet_parallax_layout_image&quot;:{&quot;url&quot;:&quot;&quot;,&quot;id&quot;:&quot;&quot;,&quot;size&quot;:&quot;&quot;},&quot;_id&quot;:&quot;1b518d7&quot;,&quot;jet_parallax_layout_image_tablet&quot;:{&quot;url&quot;:&quot;&quot;,&quot;id&quot;:&quot;&quot;,&quot;size&quot;:&quot;&quot;},&quot;jet_parallax_layout_image_mobile&quot;:{&quot;url&quot;:&quot;&quot;,&quot;id&quot;:&quot;&quot;,&quot;size&quot;:&quot;&quot;},&quot;jet_parallax_layout_speed&quot;:{&quot;unit&quot;:&quot;%&quot;,&quot;size&quot;:50,&quot;sizes&quot;:[]},&quot;jet_parallax_layout_type&quot;:&quot;scroll&quot;,&quot;jet_parallax_layout_direction&quot;:&quot;1&quot;,&quot;jet_parallax_layout_fx_direction&quot;:null,&quot;jet_parallax_layout_z_index&quot;:&quot;&quot;,&quot;jet_parallax_layout_bg_x&quot;:50,&quot;jet_parallax_layout_bg_x_tablet&quot;:&quot;&quot;,&quot;jet_parallax_layout_bg_x_mobile&quot;:&quot;&quot;,&quot;jet_parallax_layout_bg_y&quot;:50,&quot;jet_parallax_layout_bg_y_tablet&quot;:&quot;&quot;,&quot;jet_parallax_layout_bg_y_mobile&quot;:&quot;&quot;,&quot;jet_parallax_layout_bg_size&quot;:&quot;auto&quot;,&quot;jet_parallax_layout_bg_size_tablet&quot;:&quot;&quot;,&quot;jet_parallax_layout_bg_size_mobile&quot;:&quot;&quot;,&quot;jet_parallax_layout_animation_prop&quot;:&quot;transform&quot;,&quot;jet_parallax_layout_on&quot;:[&quot;desktop&quot;,&quot;tablet&quot;]}]}\">\n\t\t\t\t\t\t<div class=\"elementor-container elementor-column-gap-default\">\n\t\t\t\t\t<div class=\"elementor-column elementor-col-50 elementor-top-column elementor-element elementor-element-75a0a04\" data-id=\"75a0a04\" data-element_type=\"column\" data-e-type=\"column\">\n\t\t\t<div class=\"elementor-widget-wrap elementor-element-populated\">\n\t\t\t\t\t\t<div class=\"elementor-element elementor-element-bdcd697 elementor-widget elementor-widget-image\" data-id=\"bdcd697\" data-element_type=\"widget\" data-e-type=\"widget\" data-widget_type=\"image.default\">\n\t\t\t\t<div class=\"elementor-widget-container\">\n\t\t\t\t\t\t\t\t\t\t\t\t\t\t\t<img fetchpriority=\"high\" decoding=\"async\" width=\"683\" height=\"1024\" src=\"https:\/\/www.frederiquehome.ch\/wp-content\/uploads\/2021\/03\/interior-8-2-683x1024.jpg\" class=\"attachment-large size-large wp-image-853\" alt=\"\" srcset=\"https:\/\/www.frederiquehome.ch\/wp-content\/uploads\/2021\/03\/interior-8-2-683x1024.jpg 683w, https:\/\/www.frederiquehome.ch\/wp-content\/uploads\/2021\/03\/interior-8-2-200x300.jpg 200w, https:\/\/www.frederiquehome.ch\/wp-content\/uploads\/2021\/03\/interior-8-2-768x1151.jpg 768w, https:\/\/www.frederiquehome.ch\/wp-content\/uploads\/2021\/03\/interior-8-2-8x12.jpg 8w, https:\/\/www.frederiquehome.ch\/wp-content\/uploads\/2021\/03\/interior-8-2.jpg 1001w\" sizes=\"(max-width: 683px) 100vw, 683px\" \/>\t\t\t\t\t\t\t\t\t\t\t\t\t\t\t<\/div>\n\t\t\t\t<\/div>\n\t\t\t\t\t<\/div>\n\t\t<\/div>\n\t\t\t\t<div class=\"elementor-column elementor-col-50 elementor-top-column elementor-element elementor-element-7223b9e elementor-invisible\" data-id=\"7223b9e\" data-element_type=\"column\" data-e-type=\"column\" data-settings=\"{&quot;background_background&quot;:&quot;classic&quot;,&quot;animation&quot;:&quot;fadeInRight&quot;}\">\n\t\t\t<div class=\"elementor-widget-wrap elementor-element-populated\">\n\t\t\t\t\t\t<div class=\"elementor-element elementor-element-35f77b2 elementor-widget elementor-widget-heading\" data-id=\"35f77b2\" data-element_type=\"widget\" data-e-type=\"widget\" data-widget_type=\"heading.default\">\n\t\t\t\t<div class=\"elementor-widget-container\">\n\t\t\t\t\t<h2 class=\"elementor-heading-title elementor-size-default\">KONZEPT<\/h2>\t\t\t\t<\/div>\n\t\t\t\t<\/div>\n\t\t\t\t<div class=\"elementor-element elementor-element-5adb49e elementor-widget elementor-widget-text-editor\" data-id=\"5adb49e\" data-element_type=\"widget\" data-e-type=\"widget\" data-widget_type=\"text-editor.default\">\n\t\t\t\t<div class=\"elementor-widget-container\">\n\t\t\t\t\t\t\t\t\t<p>Frederique Home bietet verschiedene Einrichtungs-L\u00f6sungen. Egal, ob es sich um einen einzelnen Raum oder Ihr gesamtes Haus handelt; wir k\u00fcmmern uns mit Leidenschaft und Hingabe darum. Wenden Sie sich an uns, wenn Sie ein Interieur-Konzept mit passenden M\u00f6beln, kleine Renovierungen oder eine komplette Einrichtung w\u00fcnschen. Vom Konzept bis zur Logistik und vom Budget bis zur Installation: Wir bieten alle Arbeiten rund um die Inneneinrichtung an. Dabei gehen wir gerne auf die Menschen ein. Wir h\u00f6ren ihnen genau zu und stimmen deren W\u00fcnsche und Budgets mit unserer Erfahrung und unserem Wissen ab. So entstehen einzigartige und sehr pers\u00f6nliche Einrichtungskonzepte. Jede Aufgabe ist einmalig und erfordert eine eigene Herangehensweise. Deshalb erstellen wir stets ma\u00dfgeschneiderte Angebote, die den W\u00fcnschen unserer Privat- und Gesch\u00e4ftskunden entsprechen.<\/p>\t\t\t\t\t\t\t\t<\/div>\n\t\t\t\t<\/div>\n\t\t\t\t\t<\/div>\n\t\t<\/div>\n\t\t\t\t\t<\/div>\n\t\t<\/section>\n\t\t\t\t<section class=\"elementor-section elementor-top-section elementor-element elementor-element-0878db8 elementor-reverse-mobile elementor-section-boxed elementor-section-height-default elementor-section-height-default mkdf-parallax-row-no mkdf-content-aligment-left mkdf-elementor-row-grid-no mkdf-disabled-bg-image-bellow-no\" data-id=\"0878db8\" data-element_type=\"section\" data-e-type=\"section\" data-settings=\"{&quot;jet_parallax_layout_list&quot;:[{&quot;jet_parallax_layout_image&quot;:{&quot;url&quot;:&quot;&quot;,&quot;id&quot;:&quot;&quot;,&quot;size&quot;:&quot;&quot;},&quot;_id&quot;:&quot;f2b6eff&quot;,&quot;jet_parallax_layout_image_tablet&quot;:{&quot;url&quot;:&quot;&quot;,&quot;id&quot;:&quot;&quot;,&quot;size&quot;:&quot;&quot;},&quot;jet_parallax_layout_image_mobile&quot;:{&quot;url&quot;:&quot;&quot;,&quot;id&quot;:&quot;&quot;,&quot;size&quot;:&quot;&quot;},&quot;jet_parallax_layout_speed&quot;:{&quot;unit&quot;:&quot;%&quot;,&quot;size&quot;:50,&quot;sizes&quot;:[]},&quot;jet_parallax_layout_type&quot;:&quot;scroll&quot;,&quot;jet_parallax_layout_direction&quot;:&quot;1&quot;,&quot;jet_parallax_layout_fx_direction&quot;:null,&quot;jet_parallax_layout_z_index&quot;:&quot;&quot;,&quot;jet_parallax_layout_bg_x&quot;:50,&quot;jet_parallax_layout_bg_x_tablet&quot;:&quot;&quot;,&quot;jet_parallax_layout_bg_x_mobile&quot;:&quot;&quot;,&quot;jet_parallax_layout_bg_y&quot;:50,&quot;jet_parallax_layout_bg_y_tablet&quot;:&quot;&quot;,&quot;jet_parallax_layout_bg_y_mobile&quot;:&quot;&quot;,&quot;jet_parallax_layout_bg_size&quot;:&quot;auto&quot;,&quot;jet_parallax_layout_bg_size_tablet&quot;:&quot;&quot;,&quot;jet_parallax_layout_bg_size_mobile&quot;:&quot;&quot;,&quot;jet_parallax_layout_animation_prop&quot;:&quot;transform&quot;,&quot;jet_parallax_layout_on&quot;:[&quot;desktop&quot;,&quot;tablet&quot;]}]}\">\n\t\t\t\t\t\t<div class=\"elementor-container elementor-column-gap-default\">\n\t\t\t\t\t<div class=\"elementor-column elementor-col-33 elementor-top-column elementor-element elementor-element-e3ea11e elementor-invisible\" data-id=\"e3ea11e\" data-element_type=\"column\" data-e-type=\"column\" data-settings=\"{&quot;background_background&quot;:&quot;classic&quot;,&quot;animation&quot;:&quot;fadeInLeft&quot;}\">\n\t\t\t<div class=\"elementor-widget-wrap elementor-element-populated\">\n\t\t\t\t\t\t<div class=\"elementor-element elementor-element-18c0a39 elementor-widget elementor-widget-text-editor\" data-id=\"18c0a39\" data-element_type=\"widget\" data-e-type=\"widget\" data-widget_type=\"text-editor.default\">\n\t\t\t\t<div class=\"elementor-widget-container\">\n\t\t\t\t\t\t\t\t\t<p>So gehen wir vor:<\/p><p>&#8211; Kostenlose Erstberatung<\/p><p>&#8211; Kostenvoranschlag<\/p><p>&#8211; Pr\u00e4sentation des Interieur Konzepts mit M\u00f6belvorschl\u00e4gen<\/p><p>&#8211; Logistik\/Installation<\/p>\t\t\t\t\t\t\t\t<\/div>\n\t\t\t\t<\/div>\n\t\t\t\t\t<\/div>\n\t\t<\/div>\n\t\t\t\t<div class=\"elementor-column elementor-col-33 elementor-top-column elementor-element elementor-element-d8d9541\" data-id=\"d8d9541\" data-element_type=\"column\" data-e-type=\"column\">\n\t\t\t<div class=\"elementor-widget-wrap elementor-element-populated\">\n\t\t\t\t\t\t<div class=\"elementor-element elementor-element-3931f77 elementor-widget elementor-widget-image\" data-id=\"3931f77\" data-element_type=\"widget\" data-e-type=\"widget\" data-widget_type=\"image.default\">\n\t\t\t\t<div class=\"elementor-widget-container\">\n\t\t\t\t\t\t\t\t\t\t\t\t\t\t\t<img decoding=\"async\" width=\"596\" height=\"795\" src=\"https:\/\/www.frederiquehome.ch\/wp-content\/uploads\/2021\/03\/Concept-2.jpg\" class=\"attachment-large size-large wp-image-233\" alt=\"\" srcset=\"https:\/\/www.frederiquehome.ch\/wp-content\/uploads\/2021\/03\/Concept-2.jpg 596w, https:\/\/www.frederiquehome.ch\/wp-content\/uploads\/2021\/03\/Concept-2-225x300.jpg 225w\" sizes=\"(max-width: 596px) 100vw, 596px\" \/>\t\t\t\t\t\t\t\t\t\t\t\t\t\t\t<\/div>\n\t\t\t\t<\/div>\n\t\t\t\t\t<\/div>\n\t\t<\/div>\n\t\t\t\t<div class=\"elementor-column elementor-col-33 elementor-top-column elementor-element elementor-element-d3f7519 elementor-hidden-mobile elementor-invisible\" data-id=\"d3f7519\" data-element_type=\"column\" data-e-type=\"column\" data-settings=\"{&quot;background_background&quot;:&quot;classic&quot;,&quot;animation&quot;:&quot;fadeInRight&quot;}\">\n\t\t\t<div class=\"elementor-widget-wrap elementor-element-populated\">\n\t\t\t\t\t\t<div class=\"elementor-element elementor-element-e9c5cbf elementor-widget elementor-widget-spacer\" data-id=\"e9c5cbf\" data-element_type=\"widget\" data-e-type=\"widget\" data-widget_type=\"spacer.default\">\n\t\t\t\t<div class=\"elementor-widget-container\">\n\t\t\t\t\t\t\t<div class=\"elementor-spacer\">\n\t\t\t<div class=\"elementor-spacer-inner\"><\/div>\n\t\t<\/div>\n\t\t\t\t\t\t<\/div>\n\t\t\t\t<\/div>\n\t\t\t\t\t<\/div>\n\t\t<\/div>\n\t\t\t\t\t<\/div>\n\t\t<\/section>\n\t\t\t\t<section class=\"elementor-section elementor-top-section elementor-element elementor-element-5c9099a elementor-section-boxed elementor-section-height-default elementor-section-height-default mkdf-parallax-row-no mkdf-content-aligment-left mkdf-elementor-row-grid-no mkdf-disabled-bg-image-bellow-no\" data-id=\"5c9099a\" data-element_type=\"section\" data-e-type=\"section\" data-settings=\"{&quot;jet_parallax_layout_list&quot;:[{&quot;jet_parallax_layout_image&quot;:{&quot;url&quot;:&quot;&quot;,&quot;id&quot;:&quot;&quot;,&quot;size&quot;:&quot;&quot;},&quot;_id&quot;:&quot;965e0b0&quot;,&quot;jet_parallax_layout_image_tablet&quot;:{&quot;url&quot;:&quot;&quot;,&quot;id&quot;:&quot;&quot;,&quot;size&quot;:&quot;&quot;},&quot;jet_parallax_layout_image_mobile&quot;:{&quot;url&quot;:&quot;&quot;,&quot;id&quot;:&quot;&quot;,&quot;size&quot;:&quot;&quot;},&quot;jet_parallax_layout_speed&quot;:{&quot;unit&quot;:&quot;%&quot;,&quot;size&quot;:50,&quot;sizes&quot;:[]},&quot;jet_parallax_layout_type&quot;:&quot;scroll&quot;,&quot;jet_parallax_layout_direction&quot;:&quot;1&quot;,&quot;jet_parallax_layout_fx_direction&quot;:null,&quot;jet_parallax_layout_z_index&quot;:&quot;&quot;,&quot;jet_parallax_layout_bg_x&quot;:50,&quot;jet_parallax_layout_bg_x_tablet&quot;:&quot;&quot;,&quot;jet_parallax_layout_bg_x_mobile&quot;:&quot;&quot;,&quot;jet_parallax_layout_bg_y&quot;:50,&quot;jet_parallax_layout_bg_y_tablet&quot;:&quot;&quot;,&quot;jet_parallax_layout_bg_y_mobile&quot;:&quot;&quot;,&quot;jet_parallax_layout_bg_size&quot;:&quot;auto&quot;,&quot;jet_parallax_layout_bg_size_tablet&quot;:&quot;&quot;,&quot;jet_parallax_layout_bg_size_mobile&quot;:&quot;&quot;,&quot;jet_parallax_layout_animation_prop&quot;:&quot;transform&quot;,&quot;jet_parallax_layout_on&quot;:[&quot;desktop&quot;,&quot;tablet&quot;]}]}\">\n\t\t\t\t\t\t<div class=\"elementor-container elementor-column-gap-default\">\n\t\t\t\t\t<div class=\"elementor-column elementor-col-100 elementor-top-column elementor-element elementor-element-4bfa6ee\" data-id=\"4bfa6ee\" data-element_type=\"column\" data-e-type=\"column\">\n\t\t\t<div class=\"elementor-widget-wrap elementor-element-populated\">\n\t\t\t\t\t\t<div class=\"elementor-element elementor-element-0f2bbc3 elementor-widget elementor-widget-text-editor\" data-id=\"0f2bbc3\" data-element_type=\"widget\" data-e-type=\"widget\" data-widget_type=\"text-editor.default\">\n\t\t\t\t<div class=\"elementor-widget-container\">\n\t\t\t\t\t\t\t\t\t<p><strong>TIPP: <\/strong>Wenn Sie bei einem Neubau\/Umbau fr\u00fchzeitig mit uns Kontakt aufnehmen, kann das gew\u00fcnschte Innenraumkonzept w\u00e4hrend der Planung ber\u00fccksichtigt werden, so auch bei der Bestimmung des Grundrisses und bei der Wahl der Grundmaterialien.<\/p>\t\t\t\t\t\t\t\t<\/div>\n\t\t\t\t<\/div>\n\t\t\t\t\t<\/div>\n\t\t<\/div>\n\t\t\t\t\t<\/div>\n\t\t<\/section>\n\t\t\t\t<\/div>\n\t\t","protected":false},"excerpt":{"rendered":"<p>KONZEPT Frederique Home bietet verschiedene Einrichtungs-L\u00f6sungen. Egal, ob es sich um einen einzelnen Raum oder Ihr gesamtes Haus handelt; wir k\u00fcmmern uns mit Leidenschaft und Hingabe darum. Wenden Sie sich an uns, wenn Sie ein Interieur-Konzept mit passenden M\u00f6beln, kleine [&hellip;]<\/p>\n","protected":false},"author":2,"featured_media":0,"parent":0,"menu_order":0,"comment_status":"closed","ping_status":"closed","template":"elementor_header_footer","meta":{"_acf_changed":false,"footnotes":""},"class_list":["post-11","page","type-page","status-publish","hentry"],"acf":[],"yoast_head":"<!-- This site is optimized with the Yoast SEO plugin v27.4 - https:\/\/yoast.com\/product\/yoast-seo-wordpress\/ -->\n<title>Concept - Frederique Home<\/title>\n<meta name=\"robots\" content=\"index, follow, max-snippet:-1, max-image-preview:large, max-video-preview:-1\" \/>\n<link rel=\"canonical\" href=\"https:\/\/www.frederiquehome.ch\/en\/concept\/\" \/>\n<meta property=\"og:locale\" content=\"en_GB\" \/>\n<meta property=\"og:type\" content=\"article\" \/>\n<meta property=\"og:title\" content=\"Concept - Frederique Home\" \/>\n<meta property=\"og:description\" content=\"KONZEPT Frederique Home bietet verschiedene Einrichtungs-L\u00f6sungen. Egal, ob es sich um einen einzelnen Raum oder Ihr gesamtes Haus handelt; wir k\u00fcmmern uns mit Leidenschaft und Hingabe darum. Wenden Sie sich an uns, wenn Sie ein Interieur-Konzept mit passenden M\u00f6beln, kleine [&hellip;]\" \/>\n<meta property=\"og:url\" content=\"https:\/\/www.frederiquehome.ch\/en\/concept\/\" \/>\n<meta property=\"og:site_name\" content=\"Frederique Home\" \/>\n<meta property=\"article:modified_time\" content=\"2026-04-07T15:55:55+00:00\" \/>\n<meta property=\"og:image\" content=\"https:\/\/www.frederiquehome.ch\/wp-content\/uploads\/2021\/03\/interior-8-2.jpg\" \/>\n\t<meta property=\"og:image:width\" content=\"1001\" \/>\n\t<meta property=\"og:image:height\" content=\"1500\" \/>\n\t<meta property=\"og:image:type\" content=\"image\/jpeg\" \/>\n<meta name=\"twitter:card\" content=\"summary_large_image\" \/>\n<meta name=\"twitter:label1\" content=\"Estimated reading time\" \/>\n\t<meta name=\"twitter:data1\" content=\"2 minutes\" \/>\n<script type=\"application\/ld+json\" class=\"yoast-schema-graph\">{\"@context\":\"https:\\\/\\\/schema.org\",\"@graph\":[{\"@type\":\"WebPage\",\"@id\":\"https:\\\/\\\/www.frederiquehome.ch\\\/concept\\\/\",\"url\":\"https:\\\/\\\/www.frederiquehome.ch\\\/concept\\\/\",\"name\":\"Concept - Frederique Home\",\"isPartOf\":{\"@id\":\"https:\\\/\\\/www.frederiquehome.ch\\\/#website\"},\"primaryImageOfPage\":{\"@id\":\"https:\\\/\\\/www.frederiquehome.ch\\\/concept\\\/#primaryimage\"},\"image\":{\"@id\":\"https:\\\/\\\/www.frederiquehome.ch\\\/concept\\\/#primaryimage\"},\"thumbnailUrl\":\"https:\\\/\\\/www.frederiquehome.ch\\\/wp-content\\\/uploads\\\/2021\\\/03\\\/interior-8-2-683x1024.jpg\",\"datePublished\":\"2020-11-30T12:30:30+00:00\",\"dateModified\":\"2026-04-07T15:55:55+00:00\",\"breadcrumb\":{\"@id\":\"https:\\\/\\\/www.frederiquehome.ch\\\/concept\\\/#breadcrumb\"},\"inLanguage\":\"en-GB\",\"potentialAction\":[{\"@type\":\"ReadAction\",\"target\":[\"https:\\\/\\\/www.frederiquehome.ch\\\/concept\\\/\"]}]},{\"@type\":\"ImageObject\",\"inLanguage\":\"en-GB\",\"@id\":\"https:\\\/\\\/www.frederiquehome.ch\\\/concept\\\/#primaryimage\",\"url\":\"https:\\\/\\\/www.frederiquehome.ch\\\/wp-content\\\/uploads\\\/2021\\\/03\\\/interior-8-2-683x1024.jpg\",\"contentUrl\":\"https:\\\/\\\/www.frederiquehome.ch\\\/wp-content\\\/uploads\\\/2021\\\/03\\\/interior-8-2-683x1024.jpg\"},{\"@type\":\"BreadcrumbList\",\"@id\":\"https:\\\/\\\/www.frederiquehome.ch\\\/concept\\\/#breadcrumb\",\"itemListElement\":[{\"@type\":\"ListItem\",\"position\":1,\"name\":\"Home\",\"item\":\"https:\\\/\\\/www.frederiquehome.ch\\\/\"},{\"@type\":\"ListItem\",\"position\":2,\"name\":\"Concept\"}]},{\"@type\":\"WebSite\",\"@id\":\"https:\\\/\\\/www.frederiquehome.ch\\\/#website\",\"url\":\"https:\\\/\\\/www.frederiquehome.ch\\\/\",\"name\":\"Frederique Home\",\"description\":\"\",\"publisher\":{\"@id\":\"https:\\\/\\\/www.frederiquehome.ch\\\/#organization\"},\"potentialAction\":[{\"@type\":\"SearchAction\",\"target\":{\"@type\":\"EntryPoint\",\"urlTemplate\":\"https:\\\/\\\/www.frederiquehome.ch\\\/?s={search_term_string}\"},\"query-input\":{\"@type\":\"PropertyValueSpecification\",\"valueRequired\":true,\"valueName\":\"search_term_string\"}}],\"inLanguage\":\"en-GB\"},{\"@type\":\"Organization\",\"@id\":\"https:\\\/\\\/www.frederiquehome.ch\\\/#organization\",\"name\":\"Frederique Home\",\"url\":\"https:\\\/\\\/www.frederiquehome.ch\\\/\",\"logo\":{\"@type\":\"ImageObject\",\"inLanguage\":\"en-GB\",\"@id\":\"https:\\\/\\\/www.frederiquehome.ch\\\/#\\\/schema\\\/logo\\\/image\\\/\",\"url\":\"https:\\\/\\\/www.frederiquehome.ch\\\/wp-content\\\/uploads\\\/2021\\\/05\\\/Logo-Frederique-01.png\",\"contentUrl\":\"https:\\\/\\\/www.frederiquehome.ch\\\/wp-content\\\/uploads\\\/2021\\\/05\\\/Logo-Frederique-01.png\",\"width\":2776,\"height\":3276,\"caption\":\"Frederique Home\"},\"image\":{\"@id\":\"https:\\\/\\\/www.frederiquehome.ch\\\/#\\\/schema\\\/logo\\\/image\\\/\"}}]}<\/script>\n<!-- \/ Yoast SEO plugin. -->","yoast_head_json":{"title":"Concept - Frederique Home","robots":{"index":"index","follow":"follow","max-snippet":"max-snippet:-1","max-image-preview":"max-image-preview:large","max-video-preview":"max-video-preview:-1"},"canonical":"https:\/\/www.frederiquehome.ch\/en\/concept\/","og_locale":"en_GB","og_type":"article","og_title":"Concept - Frederique Home","og_description":"KONZEPT Frederique Home bietet verschiedene Einrichtungs-L\u00f6sungen. Egal, ob es sich um einen einzelnen Raum oder Ihr gesamtes Haus handelt; wir k\u00fcmmern uns mit Leidenschaft und Hingabe darum. Wenden Sie sich an uns, wenn Sie ein Interieur-Konzept mit passenden M\u00f6beln, kleine [&hellip;]","og_url":"https:\/\/www.frederiquehome.ch\/en\/concept\/","og_site_name":"Frederique Home","article_modified_time":"2026-04-07T15:55:55+00:00","og_image":[{"width":1001,"height":1500,"url":"https:\/\/www.frederiquehome.ch\/wp-content\/uploads\/2021\/03\/interior-8-2.jpg","type":"image\/jpeg"}],"twitter_card":"summary_large_image","twitter_misc":{"Estimated reading time":"2 minutes"},"schema":{"@context":"https:\/\/schema.org","@graph":[{"@type":"WebPage","@id":"https:\/\/www.frederiquehome.ch\/concept\/","url":"https:\/\/www.frederiquehome.ch\/concept\/","name":"Concept - Frederique Home","isPartOf":{"@id":"https:\/\/www.frederiquehome.ch\/#website"},"primaryImageOfPage":{"@id":"https:\/\/www.frederiquehome.ch\/concept\/#primaryimage"},"image":{"@id":"https:\/\/www.frederiquehome.ch\/concept\/#primaryimage"},"thumbnailUrl":"https:\/\/www.frederiquehome.ch\/wp-content\/uploads\/2021\/03\/interior-8-2-683x1024.jpg","datePublished":"2020-11-30T12:30:30+00:00","dateModified":"2026-04-07T15:55:55+00:00","breadcrumb":{"@id":"https:\/\/www.frederiquehome.ch\/concept\/#breadcrumb"},"inLanguage":"en-GB","potentialAction":[{"@type":"ReadAction","target":["https:\/\/www.frederiquehome.ch\/concept\/"]}]},{"@type":"ImageObject","inLanguage":"en-GB","@id":"https:\/\/www.frederiquehome.ch\/concept\/#primaryimage","url":"https:\/\/www.frederiquehome.ch\/wp-content\/uploads\/2021\/03\/interior-8-2-683x1024.jpg","contentUrl":"https:\/\/www.frederiquehome.ch\/wp-content\/uploads\/2021\/03\/interior-8-2-683x1024.jpg"},{"@type":"BreadcrumbList","@id":"https:\/\/www.frederiquehome.ch\/concept\/#breadcrumb","itemListElement":[{"@type":"ListItem","position":1,"name":"Home","item":"https:\/\/www.frederiquehome.ch\/"},{"@type":"ListItem","position":2,"name":"Concept"}]},{"@type":"WebSite","@id":"https:\/\/www.frederiquehome.ch\/#website","url":"https:\/\/www.frederiquehome.ch\/","name":"Frederique Home","description":"","publisher":{"@id":"https:\/\/www.frederiquehome.ch\/#organization"},"potentialAction":[{"@type":"SearchAction","target":{"@type":"EntryPoint","urlTemplate":"https:\/\/www.frederiquehome.ch\/?s={search_term_string}"},"query-input":{"@type":"PropertyValueSpecification","valueRequired":true,"valueName":"search_term_string"}}],"inLanguage":"en-GB"},{"@type":"Organization","@id":"https:\/\/www.frederiquehome.ch\/#organization","name":"Frederique Home","url":"https:\/\/www.frederiquehome.ch\/","logo":{"@type":"ImageObject","inLanguage":"en-GB","@id":"https:\/\/www.frederiquehome.ch\/#\/schema\/logo\/image\/","url":"https:\/\/www.frederiquehome.ch\/wp-content\/uploads\/2021\/05\/Logo-Frederique-01.png","contentUrl":"https:\/\/www.frederiquehome.ch\/wp-content\/uploads\/2021\/05\/Logo-Frederique-01.png","width":2776,"height":3276,"caption":"Frederique Home"},"image":{"@id":"https:\/\/www.frederiquehome.ch\/#\/schema\/logo\/image\/"}}]}},"_links":{"self":[{"href":"https:\/\/www.frederiquehome.ch\/en\/wp-json\/wp\/v2\/pages\/11","targetHints":{"allow":["GET"]}}],"collection":[{"href":"https:\/\/www.frederiquehome.ch\/en\/wp-json\/wp\/v2\/pages"}],"about":[{"href":"https:\/\/www.frederiquehome.ch\/en\/wp-json\/wp\/v2\/types\/page"}],"author":[{"embeddable":true,"href":"https:\/\/www.frederiquehome.ch\/en\/wp-json\/wp\/v2\/users\/2"}],"replies":[{"embeddable":true,"href":"https:\/\/www.frederiquehome.ch\/en\/wp-json\/wp\/v2\/comments?post=11"}],"version-history":[{"count":139,"href":"https:\/\/www.frederiquehome.ch\/en\/wp-json\/wp\/v2\/pages\/11\/revisions"}],"predecessor-version":[{"id":1725,"href":"https:\/\/www.frederiquehome.ch\/en\/wp-json\/wp\/v2\/pages\/11\/revisions\/1725"}],"wp:attachment":[{"href":"https:\/\/www.frederiquehome.ch\/en\/wp-json\/wp\/v2\/media?parent=11"}],"curies":[{"name":"wp","href":"https:\/\/api.w.org\/{rel}","templated":true}]}}