{"id":13,"date":"2020-11-30T12:30:42","date_gmt":"2020-11-30T12:30:42","guid":{"rendered":"https:\/\/www.frederiquehome.ch\/?page_id=13"},"modified":"2026-04-16T11:31:59","modified_gmt":"2026-04-16T11:31:59","slug":"frederique","status":"publish","type":"page","link":"https:\/\/www.frederiquehome.ch\/nl\/frederique\/","title":{"rendered":"Frederique"},"content":{"rendered":"\t\t<div data-elementor-type=\"wp-page\" data-elementor-id=\"13\" class=\"elementor elementor-13\" data-elementor-post-type=\"page\">\n\t\t\t\t\t\t<section class=\"elementor-section elementor-top-section elementor-element elementor-element-3fe7725 elementor-section-height-min-height elementor-section-items-bottom elementor-section-boxed elementor-section-height-default mkdf-parallax-row-no mkdf-content-aligment-left mkdf-elementor-row-grid-no mkdf-disabled-bg-image-bellow-no\" data-id=\"3fe7725\" data-element_type=\"section\" data-e-type=\"section\" data-settings=\"{&quot;background_background&quot;:&quot;classic&quot;,&quot;jet_parallax_layout_list&quot;:[{&quot;jet_parallax_layout_image&quot;:{&quot;url&quot;:&quot;&quot;,&quot;id&quot;:&quot;&quot;,&quot;size&quot;:&quot;&quot;},&quot;_id&quot;:&quot;f369cb1&quot;,&quot;jet_parallax_layout_image_tablet&quot;:{&quot;url&quot;:&quot;&quot;,&quot;id&quot;:&quot;&quot;,&quot;size&quot;:&quot;&quot;},&quot;jet_parallax_layout_image_mobile&quot;:{&quot;url&quot;:&quot;&quot;,&quot;id&quot;:&quot;&quot;,&quot;size&quot;:&quot;&quot;},&quot;jet_parallax_layout_speed&quot;:{&quot;unit&quot;:&quot;%&quot;,&quot;size&quot;:50,&quot;sizes&quot;:[]},&quot;jet_parallax_layout_type&quot;:&quot;scroll&quot;,&quot;jet_parallax_layout_direction&quot;:&quot;1&quot;,&quot;jet_parallax_layout_fx_direction&quot;:null,&quot;jet_parallax_layout_z_index&quot;:&quot;&quot;,&quot;jet_parallax_layout_bg_x&quot;:50,&quot;jet_parallax_layout_bg_x_tablet&quot;:&quot;&quot;,&quot;jet_parallax_layout_bg_x_mobile&quot;:&quot;&quot;,&quot;jet_parallax_layout_bg_y&quot;:50,&quot;jet_parallax_layout_bg_y_tablet&quot;:&quot;&quot;,&quot;jet_parallax_layout_bg_y_mobile&quot;:&quot;&quot;,&quot;jet_parallax_layout_bg_size&quot;:&quot;auto&quot;,&quot;jet_parallax_layout_bg_size_tablet&quot;:&quot;&quot;,&quot;jet_parallax_layout_bg_size_mobile&quot;:&quot;&quot;,&quot;jet_parallax_layout_animation_prop&quot;:&quot;transform&quot;,&quot;jet_parallax_layout_on&quot;:[&quot;desktop&quot;,&quot;tablet&quot;]}]}\">\n\t\t\t\t\t\t\t<div class=\"elementor-background-overlay\"><\/div>\n\t\t\t\t\t\t\t<div class=\"elementor-container elementor-column-gap-default\">\n\t\t\t\t\t<div class=\"elementor-column elementor-col-100 elementor-top-column elementor-element elementor-element-b0b3b60\" data-id=\"b0b3b60\" data-element_type=\"column\" data-e-type=\"column\">\n\t\t\t<div class=\"elementor-widget-wrap\">\n\t\t\t\t\t\t\t<\/div>\n\t\t<\/div>\n\t\t\t\t\t<\/div>\n\t\t<\/section>\n\t\t\t\t<section class=\"elementor-section elementor-top-section elementor-element elementor-element-db4dbf9 elementor-section-boxed elementor-section-height-default elementor-section-height-default mkdf-parallax-row-no mkdf-content-aligment-left mkdf-elementor-row-grid-no mkdf-disabled-bg-image-bellow-no\" data-id=\"db4dbf9\" data-element_type=\"section\" data-e-type=\"section\" data-settings=\"{&quot;jet_parallax_layout_list&quot;:[{&quot;jet_parallax_layout_image&quot;:{&quot;url&quot;:&quot;&quot;,&quot;id&quot;:&quot;&quot;,&quot;size&quot;:&quot;&quot;},&quot;_id&quot;:&quot;3f1fab8&quot;,&quot;jet_parallax_layout_image_tablet&quot;:{&quot;url&quot;:&quot;&quot;,&quot;id&quot;:&quot;&quot;,&quot;size&quot;:&quot;&quot;},&quot;jet_parallax_layout_image_mobile&quot;:{&quot;url&quot;:&quot;&quot;,&quot;id&quot;:&quot;&quot;,&quot;size&quot;:&quot;&quot;},&quot;jet_parallax_layout_speed&quot;:{&quot;unit&quot;:&quot;%&quot;,&quot;size&quot;:50,&quot;sizes&quot;:[]},&quot;jet_parallax_layout_type&quot;:&quot;scroll&quot;,&quot;jet_parallax_layout_direction&quot;:&quot;1&quot;,&quot;jet_parallax_layout_fx_direction&quot;:null,&quot;jet_parallax_layout_z_index&quot;:&quot;&quot;,&quot;jet_parallax_layout_bg_x&quot;:50,&quot;jet_parallax_layout_bg_x_tablet&quot;:&quot;&quot;,&quot;jet_parallax_layout_bg_x_mobile&quot;:&quot;&quot;,&quot;jet_parallax_layout_bg_y&quot;:50,&quot;jet_parallax_layout_bg_y_tablet&quot;:&quot;&quot;,&quot;jet_parallax_layout_bg_y_mobile&quot;:&quot;&quot;,&quot;jet_parallax_layout_bg_size&quot;:&quot;auto&quot;,&quot;jet_parallax_layout_bg_size_tablet&quot;:&quot;&quot;,&quot;jet_parallax_layout_bg_size_mobile&quot;:&quot;&quot;,&quot;jet_parallax_layout_animation_prop&quot;:&quot;transform&quot;,&quot;jet_parallax_layout_on&quot;:[&quot;desktop&quot;,&quot;tablet&quot;]}]}\">\n\t\t\t\t\t\t<div class=\"elementor-container elementor-column-gap-default\">\n\t\t\t\t\t<div class=\"elementor-column elementor-col-100 elementor-top-column elementor-element elementor-element-e94ce1e\" data-id=\"e94ce1e\" data-element_type=\"column\" data-e-type=\"column\">\n\t\t\t<div class=\"elementor-widget-wrap elementor-element-populated\">\n\t\t\t\t\t\t<div class=\"elementor-element elementor-element-3221b40 elementor-widget elementor-widget-text-editor\" data-id=\"3221b40\" data-element_type=\"widget\" data-e-type=\"widget\" data-widget_type=\"text-editor.default\">\n\t\t\t\t<div class=\"elementor-widget-container\">\n\t\t\t\t\t\t\t\t\t<p>Frederique lebt seit \u00fcber 25 Jahren in der Schweiz. Sie wuchs in Holland auf und studierte Internationales Management in Amsterdam. Ihre holl\u00e4ndischen Wurzeln und der kreative Spirit der \u00abAmsterdam Design City\u00bb beeinflussen die von ihr gestalteten Interieurs: stimmungsvoll, warm und gleichzeitig elegant und zeitgem\u00e4ss.\u00a0\u00a0\u00a0\u00a0\u00a0\u00a0\u00a0\u00a0\u00a0<\/p><p>Im Jahr 2012 beschloss Frederique, ihrer Leidenschaft zu folgen und sich der Gestaltung verschiedenster Interieurs zu widmen. Jeden Tag geniesst sie ihren Beruf und den Kontakt mit den Kunden aufs Neue. F\u00fcr Frederique ist es eine pers\u00f6nliche Herausforderung, f\u00fcr diese sch\u00f6ne Innenr\u00e4ume zu gestalten, ohne ein Verm\u00f6gen auszugeben. Ihr Ziel ist es, ein Interieur bis zum letzten Schliff zu vollenden und letztendlich den Kunden mit dem Ergebnis zu \u00fcberraschen und begeistern.<\/p><p>In den letzten Jahren hat Frederique verschiedenste Projekte f\u00fcr Privat- sowie Firmenkunden realisiert. In der Schweiz wie auch im Ausland. Von gross bis klein, von Wohnh\u00e4usern zu Ferienwohnungen, Restaurants und Hotels.<\/p>\t\t\t\t\t\t\t\t<\/div>\n\t\t\t\t<\/div>\n\t\t\t\t<div class=\"elementor-element elementor-element-b2025ce elementor-widget elementor-widget-heading\" data-id=\"b2025ce\" data-element_type=\"widget\" data-e-type=\"widget\" data-widget_type=\"heading.default\">\n\t\t\t\t<div class=\"elementor-widget-container\">\n\t\t\t\t\t<p class=\"elementor-heading-title elementor-size-default\">\"Ich arbeite gerne mit einer ruhigen Basis und warmen Materialien als Ausgangspunkt f\u00fcr ein gem\u00fctliches Interieur.\" <br>\n- Frederique<\/p>\t\t\t\t<\/div>\n\t\t\t\t<\/div>\n\t\t\t\t\t<\/div>\n\t\t<\/div>\n\t\t\t\t\t<\/div>\n\t\t<\/section>\n\t\t\t\t<\/div>\n\t\t","protected":false},"excerpt":{"rendered":"<p>Frederique lebt seit \u00fcber 25 Jahren in der Schweiz. Sie wuchs in Holland auf und studierte Internationales Management in Amsterdam. Ihre holl\u00e4ndischen Wurzeln und der kreative Spirit der \u00abAmsterdam Design City\u00bb beeinflussen die von ihr gestalteten Interieurs: stimmungsvoll, warm und [&hellip;]<\/p>\n","protected":false},"author":2,"featured_media":0,"parent":0,"menu_order":0,"comment_status":"closed","ping_status":"closed","template":"elementor_header_footer","meta":{"_acf_changed":false,"footnotes":""},"class_list":["post-13","page","type-page","status-publish","hentry"],"acf":[],"yoast_head":"<!-- This site is optimized with the Yoast SEO plugin v27.4 - https:\/\/yoast.com\/product\/yoast-seo-wordpress\/ -->\n<title>Frederique - Frederique Home<\/title>\n<meta name=\"robots\" content=\"index, follow, max-snippet:-1, max-image-preview:large, max-video-preview:-1\" \/>\n<link rel=\"canonical\" href=\"https:\/\/www.frederiquehome.ch\/nl\/frederique\/\" \/>\n<meta property=\"og:locale\" content=\"nl_NL\" \/>\n<meta property=\"og:type\" content=\"article\" \/>\n<meta property=\"og:title\" content=\"Frederique - Frederique Home\" \/>\n<meta property=\"og:description\" content=\"Frederique lebt seit \u00fcber 25 Jahren in der Schweiz. Sie wuchs in Holland auf und studierte Internationales Management in Amsterdam. Ihre holl\u00e4ndischen Wurzeln und der kreative Spirit der \u00abAmsterdam Design City\u00bb beeinflussen die von ihr gestalteten Interieurs: stimmungsvoll, warm und [&hellip;]\" \/>\n<meta property=\"og:url\" content=\"https:\/\/www.frederiquehome.ch\/nl\/frederique\/\" \/>\n<meta property=\"og:site_name\" content=\"Frederique Home\" \/>\n<meta property=\"article:modified_time\" content=\"2026-04-16T11:31:59+00:00\" \/>\n<meta name=\"twitter:card\" content=\"summary_large_image\" \/>\n<meta name=\"twitter:label1\" content=\"Geschatte leestijd\" \/>\n\t<meta name=\"twitter:data1\" content=\"1 minuut\" \/>\n<script type=\"application\/ld+json\" class=\"yoast-schema-graph\">{\"@context\":\"https:\\\/\\\/schema.org\",\"@graph\":[{\"@type\":\"WebPage\",\"@id\":\"https:\\\/\\\/www.frederiquehome.ch\\\/frederique\\\/\",\"url\":\"https:\\\/\\\/www.frederiquehome.ch\\\/frederique\\\/\",\"name\":\"Frederique - Frederique Home\",\"isPartOf\":{\"@id\":\"https:\\\/\\\/www.frederiquehome.ch\\\/#website\"},\"datePublished\":\"2020-11-30T12:30:42+00:00\",\"dateModified\":\"2026-04-16T11:31:59+00:00\",\"breadcrumb\":{\"@id\":\"https:\\\/\\\/www.frederiquehome.ch\\\/frederique\\\/#breadcrumb\"},\"inLanguage\":\"nl-NL\",\"potentialAction\":[{\"@type\":\"ReadAction\",\"target\":[\"https:\\\/\\\/www.frederiquehome.ch\\\/frederique\\\/\"]}]},{\"@type\":\"BreadcrumbList\",\"@id\":\"https:\\\/\\\/www.frederiquehome.ch\\\/frederique\\\/#breadcrumb\",\"itemListElement\":[{\"@type\":\"ListItem\",\"position\":1,\"name\":\"Home\",\"item\":\"https:\\\/\\\/www.frederiquehome.ch\\\/\"},{\"@type\":\"ListItem\",\"position\":2,\"name\":\"Frederique\"}]},{\"@type\":\"WebSite\",\"@id\":\"https:\\\/\\\/www.frederiquehome.ch\\\/#website\",\"url\":\"https:\\\/\\\/www.frederiquehome.ch\\\/\",\"name\":\"Frederique Home\",\"description\":\"\",\"publisher\":{\"@id\":\"https:\\\/\\\/www.frederiquehome.ch\\\/#organization\"},\"potentialAction\":[{\"@type\":\"SearchAction\",\"target\":{\"@type\":\"EntryPoint\",\"urlTemplate\":\"https:\\\/\\\/www.frederiquehome.ch\\\/?s={search_term_string}\"},\"query-input\":{\"@type\":\"PropertyValueSpecification\",\"valueRequired\":true,\"valueName\":\"search_term_string\"}}],\"inLanguage\":\"nl-NL\"},{\"@type\":\"Organization\",\"@id\":\"https:\\\/\\\/www.frederiquehome.ch\\\/#organization\",\"name\":\"Frederique Home\",\"url\":\"https:\\\/\\\/www.frederiquehome.ch\\\/\",\"logo\":{\"@type\":\"ImageObject\",\"inLanguage\":\"nl-NL\",\"@id\":\"https:\\\/\\\/www.frederiquehome.ch\\\/#\\\/schema\\\/logo\\\/image\\\/\",\"url\":\"https:\\\/\\\/www.frederiquehome.ch\\\/wp-content\\\/uploads\\\/2021\\\/05\\\/Logo-Frederique-01.png\",\"contentUrl\":\"https:\\\/\\\/www.frederiquehome.ch\\\/wp-content\\\/uploads\\\/2021\\\/05\\\/Logo-Frederique-01.png\",\"width\":2776,\"height\":3276,\"caption\":\"Frederique Home\"},\"image\":{\"@id\":\"https:\\\/\\\/www.frederiquehome.ch\\\/#\\\/schema\\\/logo\\\/image\\\/\"}}]}<\/script>\n<!-- \/ Yoast SEO plugin. -->","yoast_head_json":{"title":"Frederique - Frederique Home","robots":{"index":"index","follow":"follow","max-snippet":"max-snippet:-1","max-image-preview":"max-image-preview:large","max-video-preview":"max-video-preview:-1"},"canonical":"https:\/\/www.frederiquehome.ch\/nl\/frederique\/","og_locale":"nl_NL","og_type":"article","og_title":"Frederique - Frederique Home","og_description":"Frederique lebt seit \u00fcber 25 Jahren in der Schweiz. Sie wuchs in Holland auf und studierte Internationales Management in Amsterdam. Ihre holl\u00e4ndischen Wurzeln und der kreative Spirit der \u00abAmsterdam Design City\u00bb beeinflussen die von ihr gestalteten Interieurs: stimmungsvoll, warm und [&hellip;]","og_url":"https:\/\/www.frederiquehome.ch\/nl\/frederique\/","og_site_name":"Frederique Home","article_modified_time":"2026-04-16T11:31:59+00:00","twitter_card":"summary_large_image","twitter_misc":{"Geschatte leestijd":"1 minuut"},"schema":{"@context":"https:\/\/schema.org","@graph":[{"@type":"WebPage","@id":"https:\/\/www.frederiquehome.ch\/frederique\/","url":"https:\/\/www.frederiquehome.ch\/frederique\/","name":"Frederique - Frederique Home","isPartOf":{"@id":"https:\/\/www.frederiquehome.ch\/#website"},"datePublished":"2020-11-30T12:30:42+00:00","dateModified":"2026-04-16T11:31:59+00:00","breadcrumb":{"@id":"https:\/\/www.frederiquehome.ch\/frederique\/#breadcrumb"},"inLanguage":"nl-NL","potentialAction":[{"@type":"ReadAction","target":["https:\/\/www.frederiquehome.ch\/frederique\/"]}]},{"@type":"BreadcrumbList","@id":"https:\/\/www.frederiquehome.ch\/frederique\/#breadcrumb","itemListElement":[{"@type":"ListItem","position":1,"name":"Home","item":"https:\/\/www.frederiquehome.ch\/"},{"@type":"ListItem","position":2,"name":"Frederique"}]},{"@type":"WebSite","@id":"https:\/\/www.frederiquehome.ch\/#website","url":"https:\/\/www.frederiquehome.ch\/","name":"Frederique Home","description":"","publisher":{"@id":"https:\/\/www.frederiquehome.ch\/#organization"},"potentialAction":[{"@type":"SearchAction","target":{"@type":"EntryPoint","urlTemplate":"https:\/\/www.frederiquehome.ch\/?s={search_term_string}"},"query-input":{"@type":"PropertyValueSpecification","valueRequired":true,"valueName":"search_term_string"}}],"inLanguage":"nl-NL"},{"@type":"Organization","@id":"https:\/\/www.frederiquehome.ch\/#organization","name":"Frederique Home","url":"https:\/\/www.frederiquehome.ch\/","logo":{"@type":"ImageObject","inLanguage":"nl-NL","@id":"https:\/\/www.frederiquehome.ch\/#\/schema\/logo\/image\/","url":"https:\/\/www.frederiquehome.ch\/wp-content\/uploads\/2021\/05\/Logo-Frederique-01.png","contentUrl":"https:\/\/www.frederiquehome.ch\/wp-content\/uploads\/2021\/05\/Logo-Frederique-01.png","width":2776,"height":3276,"caption":"Frederique Home"},"image":{"@id":"https:\/\/www.frederiquehome.ch\/#\/schema\/logo\/image\/"}}]}},"_links":{"self":[{"href":"https:\/\/www.frederiquehome.ch\/nl\/wp-json\/wp\/v2\/pages\/13","targetHints":{"allow":["GET"]}}],"collection":[{"href":"https:\/\/www.frederiquehome.ch\/nl\/wp-json\/wp\/v2\/pages"}],"about":[{"href":"https:\/\/www.frederiquehome.ch\/nl\/wp-json\/wp\/v2\/types\/page"}],"author":[{"embeddable":true,"href":"https:\/\/www.frederiquehome.ch\/nl\/wp-json\/wp\/v2\/users\/2"}],"replies":[{"embeddable":true,"href":"https:\/\/www.frederiquehome.ch\/nl\/wp-json\/wp\/v2\/comments?post=13"}],"version-history":[{"count":120,"href":"https:\/\/www.frederiquehome.ch\/nl\/wp-json\/wp\/v2\/pages\/13\/revisions"}],"predecessor-version":[{"id":1850,"href":"https:\/\/www.frederiquehome.ch\/nl\/wp-json\/wp\/v2\/pages\/13\/revisions\/1850"}],"wp:attachment":[{"href":"https:\/\/www.frederiquehome.ch\/nl\/wp-json\/wp\/v2\/media?parent=13"}],"curies":[{"name":"wp","href":"https:\/\/api.w.org\/{rel}","templated":true}]}}